{"id":32,"date":"2019-06-01T08:57:41","date_gmt":"2019-06-01T08:57:41","guid":{"rendered":"https:\/\/wp.medienzentrum-hof.de\/?page_id=32"},"modified":"2019-06-03T19:59:36","modified_gmt":"2019-06-03T19:59:36","slug":"geraeteverleih","status":"publish","type":"page","link":"https:\/\/www.medienzentrum-hof.de\/index.php\/geraeteverleih\/","title":{"rendered":"Ger\u00e4teverleih"},"content":{"rendered":"\r\n<h4 class=\"wp-block-heading\">In den Medienzentren M\u00fcnchberg (M) und Hof (H) stehen folgende Ger\u00e4te zum Verleih zur Verf\u00fcgung:<\/h4>\r\n\r\n\r\n\r\n<table class=\"wp-block-table\">\r\n<tbody>\r\n<tr>\r\n<td>Filmprojektor 8 mm\u00a0<\/td>\r\n<td>H<\/td>\r\n<\/tr>\r\n<tr>\r\n<td>\u00a0Filmprojektor 16 mm<\/td>\r\n<td>H, M<\/td>\r\n<\/tr>\r\n<tr>\r\n<td>\u00a0Beamer<\/td>\r\n<td>H, M<\/td>\r\n<\/tr>\r\n<tr>\r\n<td>\u00a0Episkop zur Projektion von Druckwerken<\/td>\r\n<td>H<\/td>\r\n<\/tr>\r\n<tr>\r\n<td>\u00a0Diaprojektor<\/td>\r\n<td>H, M<\/td>\r\n<\/tr>\r\n<tr>\r\n<td>\u00a0Overheadprojektor<\/td>\r\n<td>H, M<\/td>\r\n<\/tr>\r\n<tr>\r\n<td>\u00a0Videorecorder S-VHS<\/td>\r\n<td>H, M<\/td>\r\n<\/tr>\r\n<tr>\r\n<td>\u00a0DVD-Player<\/td>\r\n<td>H, M<\/td>\r\n<\/tr>\r\n<tr>\r\n<td>\u00a0Camcorder<\/td>\r\n<td>H, M<\/td>\r\n<\/tr>\r\n<tr>\r\n<td>Systemkamera f\u00fcr Foto und Video<\/td>\r\n<td>H<\/td>\r\n<\/tr>\r\n<tr>\r\n<td>Actioncam Gopro + Zubeh\u00f6r<\/td>\r\n<td>H<\/td>\r\n<\/tr>\r\n<tr>\r\n<td>\u00a0Digitalkamera<\/td>\r\n<td>M<\/td>\r\n<\/tr>\r\n<tr>\r\n<td>\u00a0Reportageset Mikrofon + Aufnahmeger\u00e4t<\/td>\r\n<td>M<\/td>\r\n<\/tr>\r\n<tr>\r\n<td>\u00a0Geocachingkoffer mit 9 GPS-Ger\u00e4ten<\/td>\r\n<td>M<\/td>\r\n<\/tr>\r\n<tr>\r\n<td>\u00a0Verst\u00e4rkerbox auf Stativ, netzunabh\u00e4ngig<\/td>\r\n<td>H<\/td>\r\n<\/tr>\r\n<tr>\r\n<td>\u00a0Projektionsleinwand<\/td>\r\n<td>H, M<\/td>\r\n<\/tr>\r\n<\/tbody>\r\n<\/table>\r\n\r\n\r\n\r\n<p>F\u00fcr Schulen und kommunale Einrichtungen der Stadt und des Landkreises entstehen\u00a0 keine Geb\u00fchren. Au\u00dferschulische Nutzer sind geb\u00fchrenpflichtig, wobei bei Vereinen und kulturellen Veranstaltungen nur der halbe Satz f\u00e4llig wird. Fragen Sie uns einfach.<\/p>\r\n","protected":false},"excerpt":{"rendered":"<p>In den Medienzentren M\u00fcnchberg (M) und Hof (H) stehen folgende Ger\u00e4te zum Verleih zur Verf\u00fcgung: Filmprojektor 8 mm\u00a0 H \u00a0Filmprojektor 16 mm H, M \u00a0Beamer H, M \u00a0Episkop zur Projektion von Druckwerken H \u00a0Diaprojektor H, M \u00a0Overheadprojektor H, M \u00a0Videorecorder S-VHS H, M \u00a0DVD-Player H, M \u00a0Camcorder H, M Systemkamera f\u00fcr Foto und Video H Actioncam Gopro + Zubeh\u00f6r H \u00a0Digitalkamera M \u00a0Reportageset Mikrofon + Aufnahmeger\u00e4t M \u00a0Geocachingkoffer mit 9 GPS-Ger\u00e4ten M \u00a0Verst\u00e4rkerbox auf Stativ, netzunabh\u00e4ngig H \u00a0Projektionsleinwand H, M&#8230;<\/p>\n<p class=\"read-more\"><a class=\"btn btn-default\" href=\"https:\/\/www.medienzentrum-hof.de\/index.php\/geraeteverleih\/\">Weiterlesen<span class=\"screen-reader-text\"> Weiterlesen<\/span><\/a><\/p>\n","protected":false},"author":2,"featured_media":0,"parent":0,"menu_order":0,"comment_status":"closed","ping_status":"closed","template":"","meta":{"footnotes":""},"class_list":["post-32","page","type-page","status-publish","hentry"],"_links":{"self":[{"href":"https:\/\/www.medienzentrum-hof.de\/index.php\/wp-json\/wp\/v2\/pages\/32","targetHints":{"allow":["GET"]}}],"collection":[{"href":"https:\/\/www.medienzentrum-hof.de\/index.php\/wp-json\/wp\/v2\/pages"}],"about":[{"href":"https:\/\/www.medienzentrum-hof.de\/index.php\/wp-json\/wp\/v2\/types\/page"}],"author":[{"embeddable":true,"href":"https:\/\/www.medienzentrum-hof.de\/index.php\/wp-json\/wp\/v2\/users\/2"}],"replies":[{"embeddable":true,"href":"https:\/\/www.medienzentrum-hof.de\/index.php\/wp-json\/wp\/v2\/comments?post=32"}],"version-history":[{"count":2,"href":"https:\/\/www.medienzentrum-hof.de\/index.php\/wp-json\/wp\/v2\/pages\/32\/revisions"}],"predecessor-version":[{"id":93,"href":"https:\/\/www.medienzentrum-hof.de\/index.php\/wp-json\/wp\/v2\/pages\/32\/revisions\/93"}],"wp:attachment":[{"href":"https:\/\/www.medienzentrum-hof.de\/index.php\/wp-json\/wp\/v2\/media?parent=32"}],"curies":[{"name":"wp","href":"https:\/\/api.w.org\/{rel}","templated":true}]}}